{"id":394,"date":"2017-08-20T16:14:23","date_gmt":"2017-08-20T14:14:23","guid":{"rendered":"http:\/\/www.franciskani.si\/zbf\/?post_type=product&#038;p=394"},"modified":"2021-10-11T08:51:47","modified_gmt":"2021-10-11T06:51:47","slug":"lex-victrix-in-caritate","status":"publish","type":"product","link":"https:\/\/www.franciskani.si\/zbf\/izdelek\/lex-victrix-in-caritate\/","title":{"rendered":"Lex victrix in caritate"},"content":{"rendered":"<p><em>Miscellanea in honorem p. Viktor Pape\u017e septuagenarii<\/em><\/p>\n<p><strong>Zakon zmaguje z ljubeznijo<\/strong><br \/>\n<em>Zbornik ob 70-letnici p. dr. Viktorja Pape\u017ea<\/em><\/p>\n<p>Pri\u010dujo\u010de delo je akademski spomin in dar sodelavcev in \u0161tudentov fran\u010di\u0161kana p. dr. Viktorja Pape\u017ea ob njegovi sedemdesetletnici. Eni so bili njegovi sodelavci za \u010dasa njegovega dela na rimski pape\u0161ki univerzi Antonianum, drugi so bili njegovi sodelavci, ko je deloval znotraj ustanov Svetega sede\u017ea, spet tretji pa so z njim sodelovali v Sloveniji, ko je predaval na razli\u010dnih akademskih ustanovah ter deloval na ljubljanskem cerkvenem sodi\u0161\u010du.<br \/>\nNjegovi sodelavci in prijatelji so za pri\u010dujo\u010di zbornik pripravili nekaj besedil, ki so vsa povezana z njegovo veliko ljubeznijo \u2013 t.j. s cerkvenim pravom. Dvanajst razprav razli\u010dnih uglednih strokovnjakov je mogo\u010de razdeliti v \u0161tiri vsebinske sklope: 1. Etika in pravo; 2. Cerkveno \u017eivljenje; 3. Redovno pravo; 4. Zakonsko cerkveno pravo. Med objavljenimi prispevki v pri\u010dujo\u010dem delu velja omeniti kot posebnost tudi objavo razsodbe Rimske rote p. dr. Davida Jaegra OFM.<\/p>\n<p>format 16 x 23 cm<br \/>\nobseg 224 strani<\/p>\n","protected":false},"excerpt":{"rendered":"<p>Miscellanea in honorem p. Viktor Pape\u017e septuagenarii Zakon zmaguje z ljubeznijo Zbornik ob 70-letnici p. dr. Viktorja Pape\u017ea Pri\u010dujo\u010de delo je akademski spomin in dar sodelavcev in \u0161tudentov fran\u010di\u0161kana p. dr. Viktorja Pape\u017ea ob njegovi sedemdesetletnici. Eni so bili njegovi sodelavci za \u010dasa njegovega dela na rimski pape\u0161ki univerzi Antonianum, drugi so bili njegovi sodelavci, [&hellip;]<\/p>\n","protected":false},"featured_media":395,"comment_status":"open","ping_status":"closed","template":"","meta":[],"product_brand":[],"product_cat":[36],"product_tag":[68],"class_list":{"0":"post-394","1":"product","2":"type-product","3":"status-publish","4":"has-post-thumbnail","6":"product_cat-zunaj-zbirk","7":"product_tag-viktor-papez-ofm","9":"first","10":"outofstock","11":"taxable","12":"shipping-taxable","13":"purchasable","14":"product-type-simple"},"_links":{"self":[{"href":"https:\/\/www.franciskani.si\/zbf\/wp-json\/wp\/v2\/product\/394","targetHints":{"allow":["GET"]}}],"collection":[{"href":"https:\/\/www.franciskani.si\/zbf\/wp-json\/wp\/v2\/product"}],"about":[{"href":"https:\/\/www.franciskani.si\/zbf\/wp-json\/wp\/v2\/types\/product"}],"replies":[{"embeddable":true,"href":"https:\/\/www.franciskani.si\/zbf\/wp-json\/wp\/v2\/comments?post=394"}],"wp:featuredmedia":[{"embeddable":true,"href":"https:\/\/www.franciskani.si\/zbf\/wp-json\/wp\/v2\/media\/395"}],"wp:attachment":[{"href":"https:\/\/www.franciskani.si\/zbf\/wp-json\/wp\/v2\/media?parent=394"}],"wp:term":[{"taxonomy":"product_brand","embeddable":true,"href":"https:\/\/www.franciskani.si\/zbf\/wp-json\/wp\/v2\/product_brand?post=394"},{"taxonomy":"product_cat","embeddable":true,"href":"https:\/\/www.franciskani.si\/zbf\/wp-json\/wp\/v2\/product_cat?post=394"},{"taxonomy":"product_tag","embeddable":true,"href":"https:\/\/www.franciskani.si\/zbf\/wp-json\/wp\/v2\/product_tag?post=394"}],"curies":[{"name":"wp","href":"https:\/\/api.w.org\/{rel}","templated":true}]}}